{"id":38223,"date":"2025-11-04T14:34:47","date_gmt":"2025-11-04T13:34:47","guid":{"rendered":"https:\/\/www.alsace-chalets.fr\/urlaub\/sporturlaub\/"},"modified":"2026-03-07T09:53:46","modified_gmt":"2026-03-07T08:53:46","slug":"sporturlaub","status":"publish","type":"page","link":"https:\/\/www.alsace-chalets.fr\/de\/urlaub\/sporturlaub\/","title":{"rendered":"Sporturlaub"},"content":{"rendered":"\n<div class=\"wp-block-cover alignfull is-light hrz-hero is-style-pine-decoration is-style-pine-decoration--1\" style=\"margin-top:0;margin-bottom:0;padding-top:20rem;padding-bottom:20rem\"><img alt=\"\" decoding=\"async\" width=\"2048\" height=\"1366\" class=\"wp-block-cover__image-background wp-image-311 size-full\" alt=\"\" src=\"https:\/\/www.alsace-chalets.fr\/wp-content\/uploads\/2025\/10\/activites-hiver-wormsa-alsace_03.webp\" data-object-fit=\"cover\" srcset=\"https:\/\/www.alsace-chalets.fr\/wp-content\/uploads\/2025\/10\/activites-hiver-wormsa-alsace_03.webp 2048w, https:\/\/www.alsace-chalets.fr\/wp-content\/uploads\/2025\/10\/activites-hiver-wormsa-alsace_03-300x200.webp 300w, https:\/\/www.alsace-chalets.fr\/wp-content\/uploads\/2025\/10\/activites-hiver-wormsa-alsace_03-1024x683.webp 1024w, https:\/\/www.alsace-chalets.fr\/wp-content\/uploads\/2025\/10\/activites-hiver-wormsa-alsace_03-768x512.webp 768w, https:\/\/www.alsace-chalets.fr\/wp-content\/uploads\/2025\/10\/activites-hiver-wormsa-alsace_03-60x40.webp 60w\" sizes=\"(max-width: 2048px) 100vw, 2048px\" \/><span aria-hidden=\"true\" class=\"wp-block-cover__background has-background-dim-30 has-background-dim wp-block-cover__gradient-background has-background-gradient\" style=\"background:linear-gradient(0deg,rgb(1,1,1) 0%,rgba(0,0,0,0) 100%)\"><\/span><div class=\"wp-block-cover__inner-container has-global-padding is-layout-constrained wp-container-core-cover-is-layout-31021642 wp-block-cover-is-layout-constrained\">\n<p class=\"has-text-align-center is-style-top-title pine-cone-title is-style-title has-background-color has-text-color has-link-color has-large-font-size wp-elements-4e25b77c3a4ea5761b0f8e2b52544248 is-style-title--2\" style=\"text-transform:uppercase\"><strong>Sporturlaub<\/strong><\/p>\n<\/div><\/div>\n\n<div class=\"wp-block-group alignfull has-background is-layout-flow wp-block-group-is-layout-flow\" style=\"background:linear-gradient(135deg,rgb(246,249,244) 0%,rgba(168,194,147,0.49) 100%)\"><div style=\"padding-left:var(--wp--preset--spacing--s);padding-top:var(--wp--preset--spacing--s);padding-bottom:var(--wp--preset--spacing--s);\" class=\"alignfull wp-elements-5cd3591c1ade14a972751d58f754b855 wp-block-wpseopress-breadcrumbs has-text-color has-primary-color\"><nav  aria-label=\"breadcrumb\"><ol class=\"breadcrumb\" itemscope itemtype=\"https:\/\/schema.org\/BreadcrumbList\"><li class=\"breadcrumb-item active\" aria-current=\"page\" itemprop=\"itemListElement\" itemscope itemtype=\"https:\/\/schema.org\/ListItem\"><span itemprop=\"name\">Camping en Elsass<\/span><meta itemprop=\"position\" content=\"1\"><\/li><\/ol><\/nav><\/div>\n\n\n<div style=\"height:var(--wp--preset--spacing--xxl)\" aria-hidden=\"true\" class=\"wp-block-spacer\"><\/div>\n\n\n\n<div class=\"wp-block-columns alignfull is-layout-flex wp-container-core-columns-is-layout-9c22b1e3 wp-block-columns-is-layout-flex\">\n<div class=\"wp-block-column is-layout-flow wp-block-column-is-layout-flow\">\n<div class=\"wp-block-group has-global-padding is-content-justification-right is-layout-constrained wp-container-core-group-is-layout-9bee4dc1 wp-block-group-is-layout-constrained\">\n<div class=\"wp-block-group has-global-padding is-layout-constrained wp-container-core-group-is-layout-be04af43 wp-block-group-is-layout-constrained\" style=\"margin-top:0;margin-bottom:0\">\n<p class=\"has-text-align-right is-style-toptitle is-style-toptitle--3\">Sporturlaub in den Vogesen<\/p>\n\n\n\n<h1 class=\"wp-block-heading has-text-align-right is-style-title is-style-title--4\">Natur, Anstrengung und Entspannung in den Chalets de la Wormsa<\/h1>\n<\/div>\n\n\n\n<div class=\"wp-block-group is-style-border-right has-global-padding is-layout-constrained wp-container-core-group-is-layout-9c8dac04 wp-block-group-is-layout-constrained is-style-border-right--5\">\n<div class=\"wp-block-group has-global-padding is-layout-constrained wp-block-group-is-layout-constrained\">\n<p class=\"has-text-align-right has-s-font-size\">Sie suchen ein komfortables Basislager f\u00fcr Ihren <strong>Sporturlaub im Elsass<\/strong>? Die Chalets de la Wormsa in Metzeral, im Herzen der Vogesen, empfangen Sie das ganze Jahr \u00fcber in einer nat\u00fcrlichen Umgebung, die ideal zum Wandern, Trailrunning, Radfahren, Skifahren oder Klettern ist. <\/p>\n<\/div>\n\n\n\n<figure class=\"wp-block-image size-large is-style-rounded is-style-rounded--6\"><a href=\"https:\/\/www.alsace-chalets.fr\/wp-content\/uploads\/2025\/10\/ete-hiver-camping-wormsa-alsace_11.webp\"><img alt=\"\" decoding=\"async\" width=\"1024\" height=\"683\" src=\"https:\/\/www.alsace-chalets.fr\/wp-content\/uploads\/2025\/10\/ete-hiver-camping-wormsa-alsace_11-1024x683.webp\" alt=\"\" class=\"wp-image-438\" srcset=\"https:\/\/www.alsace-chalets.fr\/wp-content\/uploads\/2025\/10\/ete-hiver-camping-wormsa-alsace_11-1024x683.webp 1024w, https:\/\/www.alsace-chalets.fr\/wp-content\/uploads\/2025\/10\/ete-hiver-camping-wormsa-alsace_11-300x200.webp 300w, https:\/\/www.alsace-chalets.fr\/wp-content\/uploads\/2025\/10\/ete-hiver-camping-wormsa-alsace_11-768x512.webp 768w, https:\/\/www.alsace-chalets.fr\/wp-content\/uploads\/2025\/10\/ete-hiver-camping-wormsa-alsace_11-60x40.webp 60w, https:\/\/www.alsace-chalets.fr\/wp-content\/uploads\/2025\/10\/ete-hiver-camping-wormsa-alsace_11.webp 2048w\" sizes=\"(max-width: 1024px) 100vw, 1024px\" \/><\/a><\/figure>\n<\/div>\n<\/div>\n<\/div>\n\n\n\n<div class=\"wp-block-column is-layout-flow wp-block-column-is-layout-flow\">\n<div class=\"wp-block-group is-nowrap is-layout-flex wp-container-core-group-is-layout-a027ca97 wp-block-group-is-layout-flex\" style=\"min-height:100%\">\n<div class=\"wp-block-group is-vertical is-content-justification-center is-layout-flex wp-container-core-group-is-layout-b6c1f246 wp-block-group-is-layout-flex\">\n<figure class=\"wp-block-image size-4\/3_320x240_mobile is-style-left-rotate is-style-left-rotate--7\"><a href=\"https:\/\/www.alsace-chalets.fr\/wp-content\/uploads\/2025\/10\/activites-ete-wormsa-alsace_12.webp\" rel=\"services-hoteliers\"><img alt=\"\" decoding=\"async\" src=\"https:\/\/www.alsace-chalets.fr\/wp-content\/uploads\/2025\/10\/activites-ete-wormsa-alsace_12-320x240.webp\" alt=\"\" class=\"wp-image-361\"\/><\/a><\/figure>\n\n\n\n<figure class=\"wp-block-image size-4\/3_430x320_mobile is-style-right-rotate is-style-right-rotate--8\"><a href=\"https:\/\/www.alsace-chalets.fr\/wp-content\/uploads\/2025\/10\/ete-hiver-camping-wormsa-alsace_09.webp\" rel=\"services-hoteliers\"><img alt=\"\" decoding=\"async\" src=\"https:\/\/www.alsace-chalets.fr\/wp-content\/uploads\/2025\/10\/ete-hiver-camping-wormsa-alsace_09-430x320.webp\" alt=\"\" class=\"wp-image-436\" style=\"aspect-ratio:4\/3;object-fit:cover\"\/><\/a><\/figure>\n<\/div>\n\n\n\n<div class=\"wp-block-group is-vertical is-layout-flex wp-container-core-group-is-layout-e59aff70 wp-block-group-is-layout-flex\" style=\"padding-top:0;padding-bottom:50%\">\n<figure class=\"wp-block-image size-4\/3_320x240_mobile is-resized is-style-right-rotate is-style-right-rotate--9\" style=\"margin-left:-1rem\"><a href=\"https:\/\/www.alsace-chalets.fr\/wp-content\/uploads\/2026\/01\/7-scaled.jpg\" rel=\"services-hoteliers\"><img alt=\"\" decoding=\"async\" width=\"320\" height=\"240\" src=\"https:\/\/www.alsace-chalets.fr\/wp-content\/uploads\/2026\/01\/7-320x240.jpg\" alt=\"\" class=\"wp-image-41414\" style=\"width:256px\" srcset=\"https:\/\/www.alsace-chalets.fr\/wp-content\/uploads\/2026\/01\/7-320x240.jpg 320w, https:\/\/www.alsace-chalets.fr\/wp-content\/uploads\/2026\/01\/7-1440x1080.jpg 1440w, https:\/\/www.alsace-chalets.fr\/wp-content\/uploads\/2026\/01\/7-1024x768.jpg 1024w, https:\/\/www.alsace-chalets.fr\/wp-content\/uploads\/2026\/01\/7-720x540.jpg 720w, https:\/\/www.alsace-chalets.fr\/wp-content\/uploads\/2026\/01\/7-160x120.jpg 160w\" sizes=\"(max-width: 320px) 100vw, 320px\" \/><\/a><\/figure>\n<\/div>\n<\/div>\n<\/div>\n<\/div>\n\n\n\n<div style=\"height:var(--wp--preset--spacing--xxl)\" aria-hidden=\"true\" class=\"wp-block-spacer\"><\/div>\n<\/div>\n\n<div class=\"wp-block-group alignfull hrz-galerie-1 has-global-padding is-layout-constrained wp-block-group-is-layout-constrained\">\n<div class=\"wp-block-cover alignfull hrz-galerie-1-cover\" style=\"margin-top:0;margin-bottom:0;padding-top:var(--wp--preset--spacing--xxl);padding-right:var(--wp--preset--spacing--xxxxxl);padding-bottom:var(--wp--preset--spacing--l);padding-left:var(--wp--preset--spacing--xxxxxl)\"><img decoding=\"async\" width=\"2400\" height=\"1601\" class=\"wp-block-cover__image-background wp-image-1578 size-full\" alt=\"chalets classique wormsa alsace 05\" src=\"https:\/\/www.alsace-chalets.fr\/wp-content\/uploads\/2025\/11\/chalets-classique-wormsa-alsace_05.webp\" data-object-fit=\"cover\" srcset=\"https:\/\/www.alsace-chalets.fr\/wp-content\/uploads\/2025\/11\/chalets-classique-wormsa-alsace_05.webp 2400w, https:\/\/www.alsace-chalets.fr\/wp-content\/uploads\/2025\/11\/chalets-classique-wormsa-alsace_05-300x200.webp 300w, https:\/\/www.alsace-chalets.fr\/wp-content\/uploads\/2025\/11\/chalets-classique-wormsa-alsace_05-1024x683.webp 1024w, https:\/\/www.alsace-chalets.fr\/wp-content\/uploads\/2025\/11\/chalets-classique-wormsa-alsace_05-768x512.webp 768w, https:\/\/www.alsace-chalets.fr\/wp-content\/uploads\/2025\/11\/chalets-classique-wormsa-alsace_05-60x40.webp 60w\" sizes=\"(max-width: 2400px) 100vw, 2400px\" \/><span aria-hidden=\"true\" class=\"wp-block-cover__background has-background-dim-40 has-background-dim wp-block-cover__gradient-background has-background-gradient\" style=\"background:linear-gradient(0deg,rgb(0,0,0) 0%,rgba(0,0,0,0) 100%)\"><\/span><div class=\"wp-block-cover__inner-container has-global-padding is-layout-constrained wp-container-core-cover-is-layout-d399d3fc wp-block-cover-is-layout-constrained\">\n<div class=\"wp-block-group hrz-responsive-group has-global-padding is-layout-constrained wp-block-group-is-layout-constrained\">\n<div style=\"height:var(--wp--preset--spacing--xxl)\" aria-hidden=\"true\" class=\"wp-block-spacer\"><\/div>\n\n\n\n<p class=\"has-text-align-center is-style-top-title is-style-toptitle has-real-white-color has-text-color has-link-color has-xxxxl-font-size wp-elements-fa7f20848c95a53cb95c7080b8617801 is-style-toptitle--10\">Die Ruhe eines Chalets, die Energie der Natur<\/p>\n\n\n\n<h2 class=\"wp-block-heading has-text-align-center is-style-title has-real-white-color has-text-color has-link-color wp-elements-65ab70cc7849a152915ea0b7994df214 is-style-title--11\" style=\"margin-bottom:var(--wp--preset--spacing--xs)\"><strong>F\u00fcr Sportaufenthalte geeignete Unterk\u00fcnfte<\/strong><\/h2>\n\n\n\n<p class=\"has-text-align-center has-real-white-color has-text-color has-link-color wp-elements-dcbdf74d225ab19d9b1030eea2c24d72\">Das Gebiet bietet <strong>individuelle Chalets f\u00fcr 2 bis 6 Personen<\/strong> (1 bis 3 Schlafzimmer) von 25 bis 42 m\u00b2, sowie ger\u00e4umigere Ferienh\u00e4user f\u00fcr Gruppen oder Sportvereine. Die empfohlenen Unterk\u00fcnfte sind :<\/p>\n\n\n\n<ul class=\"wp-block-list\">\n<li>Chalet Confort 2 Personen<\/li>\n\n\n\n<li>Chalet Classiques 4 Personen<\/li>\n\n\n\n<li>Chalet Confort 4 Personen<\/li>\n\n\n\n<li>Chalet Grand 6 Personen<\/li>\n\n\n\n<li>G\u00eete du G5 8 Personen<\/li>\n\n\n\n<li>Chalet Gruppe 10 Personen<\/li>\n<\/ul>\n\n\n\n<p class=\"has-text-align-center\">Alle Unterk\u00fcnfte verf\u00fcgen \u00fcber eine K\u00fcchenzeile, ein Badezimmer, ein Schlafzimmer im Erdgeschoss, einen ebenerdigen Zugang und eine Terrasse. Ideal, um nach dem Sport zur Ruhe zu kommen. <\/p>\n\n\n\n<p class=\"has-text-align-center has-real-white-color has-text-color has-link-color wp-elements-6b288969e0572aac87f7193d0161e5c7\">Die Anlage verf\u00fcgt \u00fcber 32 Unterk\u00fcnfte auf 2 Hektar Natur. Sie ist das ganze Jahr \u00fcber ge\u00f6ffnet und <strong>Aufenthalte sind ab 1 Nacht m\u00f6glich<\/strong> (au\u00dfer an Feiertagen, w\u00e4hrend der Schulferien und im Juli und August), mit einer Reservierung bis zu 24 Stunden im Voraus. <\/p>\n\n\n\n<div style=\"height:var(--wp--preset--spacing--m)\" aria-hidden=\"true\" class=\"wp-block-spacer\"><\/div>\n<\/div>\n<\/div><\/div>\n<\/div>\n\n<div class=\"wp-block-group alignfull is-style-water-drop-right-bottom has-background has-global-padding is-layout-constrained wp-block-group-is-layout-constrained\" style=\"background:linear-gradient(0deg,#F6F9F4 0%,#ECF2E6 35%,#A9C294 100%)\">\n<div style=\"height:var(--wp--preset--spacing--xxl)\" aria-hidden=\"true\" class=\"wp-block-spacer\"><\/div>\n\n\n\n<div class=\"wp-block-group alignfull has-global-padding is-layout-constrained wp-block-group-is-layout-constrained\">\n<div class=\"wp-block-group alignfull z-0 is-layout-flow wp-container-core-group-is-layout-af78ee7c wp-block-group-is-layout-flow\" style=\"margin-bottom:-3rem;padding-right:0;padding-left:0\">\n<p class=\"is-style-hash has-real-white-color has-text-color has-link-color has-xl-font-size wp-elements-85a997891f57f524a9538cc526d40d6a is-style-hash--12\" style=\"margin-left:-3rem;font-style:normal;font-weight:700;text-transform:uppercase\">Sich erholen<\/p>\n<\/div>\n\n\n\n<div class=\"wp-block-group alignfull z-1 has-global-padding is-layout-constrained wp-block-group-is-layout-constrained\">\n<div class=\"wp-block-columns alignfull hrz-reponsive-order is-style-tablette-wrap-reverse hrz-responsive-col is-layout-flex wp-container-core-columns-is-layout-75380824 wp-block-columns-is-layout-flex\" style=\"margin-top:0;margin-bottom:0;padding-top:0;padding-right:0;padding-bottom:0;padding-left:0\">\n<div class=\"wp-block-column is-vertically-aligned-bottom is-layout-flow wp-block-column-is-layout-flow\" style=\"padding-right:0;padding-left:0\">\n<div class=\"wp-block-group alignfull swiper swiper-slider-left is-layout-flow wp-block-group-is-layout-flow\" style=\"margin-top:0;margin-bottom:0;padding-top:0;padding-right:0;padding-bottom:0;padding-left:0\">\n<div class=\"wp-block-group swiper-wrapper is-content-justification-left is-nowrap is-layout-flex wp-container-core-group-is-layout-4552e0e2 wp-block-group-is-layout-flex\" style=\"margin-top:0;margin-bottom:0;padding-top:0;padding-right:0;padding-bottom:0;padding-left:0\">\n<div class=\"wp-block-group swiper-slide has-global-padding is-layout-constrained wp-block-group-is-layout-constrained\">\n<figure class=\"wp-block-image size-slide_image_680x380 is-style-rounded is-style-rounded--13\"><a href=\"https:\/\/www.alsace-chalets.fr\/wp-content\/uploads\/2025\/10\/ete-hiver-camping-wormsa-alsace_01.webp\" rel=\"slider-image-5\"><img alt=\"\" decoding=\"async\" width=\"680\" height=\"380\" src=\"https:\/\/www.alsace-chalets.fr\/wp-content\/uploads\/2025\/10\/ete-hiver-camping-wormsa-alsace_01-680x380.webp\" alt=\"\" class=\"wp-image-428\"\/><\/a><\/figure>\n<\/div>\n\n\n\n<div class=\"wp-block-group swiper-slide has-global-padding is-layout-constrained wp-block-group-is-layout-constrained\">\n<figure class=\"wp-block-image size-slide_image_680x380 is-style-rounded is-style-rounded--14\"><a href=\"https:\/\/www.alsace-chalets.fr\/wp-content\/uploads\/2025\/10\/activites-camping-wormsa-alsace_12.webp\" rel=\"slider-image-5\"><img alt=\"\" decoding=\"async\" width=\"680\" height=\"380\" src=\"https:\/\/www.alsace-chalets.fr\/wp-content\/uploads\/2025\/10\/activites-camping-wormsa-alsace_12-680x380.webp\" alt=\"\" class=\"wp-image-743\"\/><\/a><\/figure>\n<\/div>\n\n\n\n<div class=\"wp-block-group swiper-slide has-global-padding is-layout-constrained wp-block-group-is-layout-constrained\">\n<figure class=\"wp-block-image size-slide_image_680x380 has-custom-border is-style-rounded is-style-rounded--15\"><a href=\"https:\/\/www.alsace-chalets.fr\/wp-content\/uploads\/2025\/10\/piscine-camping-wormsa-alsace_05.webp\" rel=\"slider-image-5\"><img alt=\"\" decoding=\"async\" width=\"680\" height=\"380\" src=\"https:\/\/www.alsace-chalets.fr\/wp-content\/uploads\/2025\/10\/piscine-camping-wormsa-alsace_05-680x380.webp\" alt=\"\" class=\"wp-image-650\" style=\"border-radius:8px\"\/><\/a><\/figure>\n<\/div>\n<\/div>\n\n\n\n<div class=\"wp-block-group hrz-slider-left-pagination hrz-slider-dots has-global-padding is-content-justification-right is-layout-constrained wp-container-core-group-is-layout-f1f2ed93 wp-block-group-is-layout-constrained\" style=\"border-radius:8px\"><\/div>\n<\/div>\n<\/div>\n\n\n\n<div class=\"wp-block-column is-layout-flow wp-block-column-is-layout-flow\">\n<div class=\"wp-block-group has-global-padding is-content-justification-left is-layout-constrained wp-container-core-group-is-layout-6a1fcd2c wp-block-group-is-layout-constrained\">\n<div class=\"wp-block-group has-global-padding is-layout-constrained wp-container-core-group-is-layout-be04af43 wp-block-group-is-layout-constrained\" style=\"margin-top:0;margin-bottom:0\">\n<p class=\"has-text-align-left is-style-toptitle is-style-toptitle--16\">Wohlbefinden und Komfort bei der R\u00fcckkehr von den Wanderwegen inbegriffen<\/p>\n\n\n\n<h2 class=\"wp-block-heading has-text-align-left is-style-title is-style-title--17\" style=\"padding-top:var(--wp--preset--spacing--xs)\">Inklusive Dienstleistungen f\u00fcr maximale Erholung<\/h2>\n<\/div>\n\n\n\n<div class=\"wp-block-group is-style-border-left has-global-padding is-layout-constrained wp-container-core-group-is-layout-9c8dac04 wp-block-group-is-layout-constrained is-style-border-left--18\">\n<div class=\"wp-block-group has-global-padding is-layout-constrained wp-block-group-is-layout-constrained\">\n<p class=\"has-text-align-left\">Nach einem Tag voller Aktivit\u00e4ten profitieren Sie von :<\/p>\n\n\n\n<ul class=\"wp-block-list\">\n<li>beheizter Pool und SPA-Bereich (Jacuzzi, Sauna, Dampfbad), ge\u00f6ffnet von 10:00 bis 19:00 Uhr (im Sommer bis 20:00 Uhr)<\/li>\n\n\n\n<li>Endreinigung inbegriffen<\/li>\n\n\n\n<li>Bettw\u00e4sche und Handt\u00fccher werden gestellt<\/li>\n\n\n\n<li>Kohlegrill verf\u00fcgbar<\/li>\n\n\n\n<li>kostenloser Parkplatz<\/li>\n\n\n\n<li>kostenloses Wifi in der Bar und im Restaurant<\/li>\n\n\n\n<li>Spiele im Freien, Volleyball, Boule, Tischfu\u00dfball, Billardtisch<\/li>\n\n\n\n<li>Zugang zu den Einrichtungen auch nach Verlassen des Chalets am Tag der Abreise<\/li>\n<\/ul>\n\n\n\n<p class=\"has-text-align-left\">Bitte denken Sie daran, Handt\u00fccher f\u00fcr den Poolbereich mitzubringen.<\/p>\n<\/div>\n<\/div>\n<\/div>\n<\/div>\n<\/div>\n<\/div>\n<\/div>\n\n\n\n<div style=\"height:200px\" aria-hidden=\"true\" class=\"wp-block-spacer\"><\/div>\n\n\n\n<div class=\"wp-block-group alignfull is-style-water-drop-solo-left-bottom has-global-padding is-layout-constrained wp-block-group-is-layout-constrained\">\n<div class=\"wp-block-group alignfull is-style-default has-global-padding is-layout-constrained wp-block-group-is-layout-constrained\">\n<div class=\"wp-block-group alignfull z-1 has-global-padding is-layout-constrained wp-block-group-is-layout-constrained\">\n<div class=\"wp-block-columns alignfull hrz-reponsive-order is-style-tablette-wrap hrz-responsive-col is-layout-flex wp-container-core-columns-is-layout-75380824 wp-block-columns-is-layout-flex\" style=\"margin-top:0;margin-bottom:0;padding-top:0;padding-right:0;padding-bottom:0;padding-left:0\">\n<div class=\"wp-block-column is-layout-flow wp-block-column-is-layout-flow\">\n<div class=\"wp-block-group has-global-padding is-content-justification-right is-layout-constrained wp-container-core-group-is-layout-25c54bda wp-block-group-is-layout-constrained\">\n<div class=\"wp-block-group has-global-padding is-layout-constrained wp-container-core-group-is-layout-be04af43 wp-block-group-is-layout-constrained\" style=\"margin-top:0;margin-bottom:0\">\n<p class=\"has-text-align-right is-style-toptitle is-style-toptitle--19\">N\u00fctzliche Optionen, um in Bewegung zu bleiben<\/p>\n\n\n\n<h2 class=\"wp-block-heading has-text-align-right is-style-title is-style-title--20\" style=\"padding-top:var(--wp--preset--spacing--xs)\">Optionen und Flexibilit\u00e4t f\u00fcr Sportler<\/h2>\n<\/div>\n\n\n\n<div class=\"wp-block-group is-style-border-right has-global-padding is-layout-constrained wp-container-core-group-is-layout-9c8dac04 wp-block-group-is-layout-constrained is-style-border-right--21\">\n<div class=\"wp-block-group has-global-padding is-layout-constrained wp-block-group-is-layout-constrained\">\n<p class=\"has-text-align-center\">Optionale Dienstleistungen nach vorheriger Reservierung :<\/p>\n\n\n\n<ul class=\"wp-block-list\">\n<li>Fr\u00fchst\u00fcck von 8.00 bis 10.00 Uhr<\/li>\n\n\n\n<li>Tierzuschlag<\/li>\n\n\n\n<li>Behandlungen und Modellagen<\/li>\n\n\n\n<li>gemachte Betten bei der Ankunft<\/li>\n\n\n\n<li>Fr\u00fchzeitige Ankunft (ab 8 Uhr) oder sp\u00e4te Abreise (bis 17 Uhr) &#8211; je nach Verf\u00fcgbarkeit &#8211; Zuschlag 30%.<\/li>\n<\/ul>\n\n\n\n<p class=\"has-text-align-center\"><strong>\u00d6ffnungszeiten:<\/strong><br\/>Ankunft: 15.00-18.00 Uhr<br\/>Abreise: 8.00-10.30 Uhr<br\/>Sp\u00e4tere Ank\u00fcnfte sind auf Anfrage m\u00f6glich.<\/p>\n<\/div>\n<\/div>\n<\/div>\n<\/div>\n\n\n\n<div class=\"wp-block-column is-vertically-aligned-bottom is-layout-flow wp-block-column-is-layout-flow\" style=\"padding-right:0;padding-left:0\">\n<div class=\"wp-block-group alignfull swiper swiper-slider-right is-layout-flow wp-block-group-is-layout-flow\" style=\"margin-top:0;margin-bottom:0;padding-top:0;padding-right:0;padding-bottom:0;padding-left:0\">\n<div class=\"wp-block-group swiper-wrapper is-content-justification-left is-nowrap is-layout-flex wp-container-core-group-is-layout-4552e0e2 wp-block-group-is-layout-flex\" style=\"margin-top:0;margin-bottom:0;padding-top:0;padding-right:0;padding-bottom:0;padding-left:0\">\n<div class=\"wp-block-group swiper-slide has-global-padding is-layout-constrained wp-block-group-is-layout-constrained\">\n<figure class=\"wp-block-image size-slide_image_680x380 is-style-rounded is-style-rounded--22\"><a href=\"https:\/\/www.alsace-chalets.fr\/wp-content\/uploads\/2026\/01\/8-1-scaled.jpg\" rel=\"slider-image-5\"><img alt=\"\" decoding=\"async\" width=\"680\" height=\"380\" src=\"https:\/\/www.alsace-chalets.fr\/wp-content\/uploads\/2026\/01\/8-1-680x380.jpg\" alt=\"\" class=\"wp-image-41415\" srcset=\"https:\/\/www.alsace-chalets.fr\/wp-content\/uploads\/2026\/01\/8-1-680x380.jpg 680w, https:\/\/www.alsace-chalets.fr\/wp-content\/uploads\/2026\/01\/8-1-300x169.jpg 300w, https:\/\/www.alsace-chalets.fr\/wp-content\/uploads\/2026\/01\/8-1-60x34.jpg 60w, https:\/\/www.alsace-chalets.fr\/wp-content\/uploads\/2026\/01\/8-1-430x240.jpg 430w, https:\/\/www.alsace-chalets.fr\/wp-content\/uploads\/2026\/01\/8-1-375x210.jpg 375w, https:\/\/www.alsace-chalets.fr\/wp-content\/uploads\/2026\/01\/8-1-200x112.jpg 200w, https:\/\/www.alsace-chalets.fr\/wp-content\/uploads\/2026\/01\/8-1-100x56.jpg 100w\" sizes=\"(max-width: 680px) 100vw, 680px\" \/><\/a><\/figure>\n<\/div>\n\n\n\n<div class=\"wp-block-group swiper-slide has-global-padding is-layout-constrained wp-block-group-is-layout-constrained\">\n<figure class=\"wp-block-image size-slide_image_680x380 is-style-rounded is-style-rounded--23\"><a href=\"https:\/\/www.alsace-chalets.fr\/wp-content\/uploads\/2025\/10\/petit-dejeuner-restaurant-camping-wormsa-alsace_06-scaled.webp\" rel=\"slider-image-5\"><img alt=\"\" decoding=\"async\" width=\"680\" height=\"380\" src=\"https:\/\/www.alsace-chalets.fr\/wp-content\/uploads\/2025\/10\/petit-dejeuner-restaurant-camping-wormsa-alsace_06-680x380.webp\" alt=\"\" class=\"wp-image-599\"\/><\/a><\/figure>\n<\/div>\n\n\n\n<div class=\"wp-block-group swiper-slide has-global-padding is-layout-constrained wp-block-group-is-layout-constrained\">\n<figure class=\"wp-block-image size-slide_image_680x380 has-custom-border is-style-rounded is-style-rounded--24\"><a href=\"https:\/\/www.alsace-chalets.fr\/wp-content\/uploads\/2025\/11\/gite-hohneck-wormsa-camping-alsace_06.webp\" rel=\"slider-image-5\"><img decoding=\"async\" width=\"680\" height=\"380\" src=\"https:\/\/www.alsace-chalets.fr\/wp-content\/uploads\/2025\/11\/gite-hohneck-wormsa-camping-alsace_06-680x380.webp\" alt=\"gite hohneck wormsa camping alsace 06\" class=\"wp-image-1688\" style=\"border-radius:8px\"\/><\/a><\/figure>\n<\/div>\n<\/div>\n\n\n\n<div class=\"wp-block-group hrz-slider-right-pagination hrz-slider-dots has-global-padding is-content-justification-right is-layout-constrained wp-container-core-group-is-layout-f1f2ed93 wp-block-group-is-layout-constrained\" style=\"border-radius:8px\"><\/div>\n<\/div>\n<\/div>\n<\/div>\n<\/div>\n<\/div>\n\n\n\n<div class=\"wp-block-group alignfull z-3 has-global-padding is-content-justification-left is-layout-constrained wp-container-core-group-is-layout-20f472fc wp-block-group-is-layout-constrained\">\n<div class=\"wp-block-group is-vertical is-content-justification-stretch is-nowrap is-layout-flex wp-container-core-group-is-layout-5248567b wp-block-group-is-layout-flex\" style=\"margin-bottom:0\">\n<div class=\"wp-block-group z-0 is-layout-flow wp-block-group-is-layout-flow\">\n<figure class=\"wp-block-image alignleft size-4\/3_320x240_mobile is-resized has-custom-border rotate-right is-style-right-rotate is-style-right-rotate--25\"><a href=\"https:\/\/www.alsace-chalets.fr\/wp-content\/uploads\/2026\/01\/20250516_125825-scaled.jpg\" rel=\"vacances-sportives noreferrer noopener\"><img alt=\"\" decoding=\"async\" width=\"320\" height=\"240\" src=\"https:\/\/www.alsace-chalets.fr\/wp-content\/uploads\/2026\/01\/20250516_125825-320x240.jpg\" alt=\"\" class=\"wp-image-41439\" style=\"border-radius:16px;aspect-ratio:4\/3;object-fit:cover;width:250px\" srcset=\"https:\/\/www.alsace-chalets.fr\/wp-content\/uploads\/2026\/01\/20250516_125825-320x240.jpg 320w, https:\/\/www.alsace-chalets.fr\/wp-content\/uploads\/2026\/01\/20250516_125825-1440x1080.jpg 1440w, https:\/\/www.alsace-chalets.fr\/wp-content\/uploads\/2026\/01\/20250516_125825-1024x768.jpg 1024w, https:\/\/www.alsace-chalets.fr\/wp-content\/uploads\/2026\/01\/20250516_125825-720x540.jpg 720w, https:\/\/www.alsace-chalets.fr\/wp-content\/uploads\/2026\/01\/20250516_125825-160x120.jpg 160w\" sizes=\"(max-width: 320px) 100vw, 320px\" \/><\/a><\/figure>\n<\/div>\n\n\n\n<div class=\"wp-block-group z-1 has-global-padding is-layout-constrained wp-container-core-group-is-layout-f37d0e74 wp-block-group-is-layout-constrained\" style=\"margin-top:-15%;padding-left:var(--wp--preset--spacing--xl)\">\n<figure class=\"wp-block-image aligncenter size-4\/3_320x240_mobile has-custom-border rotate-left is-style-left-rotate is-style-left-rotate--26\"><a href=\"https:\/\/www.alsace-chalets.fr\/wp-content\/uploads\/2026\/01\/20250513_131335-scaled.jpg\" target=\"_blank\" rel=\"vacances-sportives noreferrer noopener\"><img alt=\"\" decoding=\"async\" width=\"320\" height=\"240\" src=\"https:\/\/www.alsace-chalets.fr\/wp-content\/uploads\/2026\/01\/20250513_131335-320x240.jpg\" alt=\"\" class=\"wp-image-41452\" style=\"border-radius:16px;aspect-ratio:4\/3;object-fit:cover\" srcset=\"https:\/\/www.alsace-chalets.fr\/wp-content\/uploads\/2026\/01\/20250513_131335-320x240.jpg 320w, https:\/\/www.alsace-chalets.fr\/wp-content\/uploads\/2026\/01\/20250513_131335-1440x1080.jpg 1440w, https:\/\/www.alsace-chalets.fr\/wp-content\/uploads\/2026\/01\/20250513_131335-1024x768.jpg 1024w, https:\/\/www.alsace-chalets.fr\/wp-content\/uploads\/2026\/01\/20250513_131335-720x540.jpg 720w, https:\/\/www.alsace-chalets.fr\/wp-content\/uploads\/2026\/01\/20250513_131335-160x120.jpg 160w\" sizes=\"(max-width: 320px) 100vw, 320px\" \/><\/a><\/figure>\n<\/div>\n<\/div>\n\n\n\n<div style=\"height:50px\" aria-hidden=\"true\" class=\"wp-block-spacer\"><\/div>\n<\/div>\n<\/div>\n<\/div>\n\n<div style=\"height:200px\" aria-hidden=\"true\" class=\"wp-block-spacer\"><\/div>\n\n<div class=\"wp-block-group alignfull has-global-padding is-layout-constrained wp-block-group-is-layout-constrained\">\n<div class=\"wp-block-group alignfull is-style-default has-global-padding is-layout-constrained wp-container-core-group-is-layout-e3586065 wp-block-group-is-layout-constrained\" style=\"padding-right:var(--wp--preset--spacing--xxs);padding-left:var(--wp--preset--spacing--xxs)\">\n<div class=\"wp-block-group z-1 has-global-padding is-layout-constrained wp-container-core-group-is-layout-9c8dac04 wp-block-group-is-layout-constrained\">\n<div class=\"wp-block-group has-global-padding is-layout-constrained wp-container-core-group-is-layout-2f23b1a8 wp-block-group-is-layout-constrained\">\n<p class=\"has-text-align-center is-style-toptitle is-style-toptitle--27\">Outdoor-Aktivit\u00e4ten nach Belieben, das ganze Jahr \u00fcber<\/p>\n\n\n\n<h2 class=\"wp-block-heading has-text-align-center is-style-title is-style-title--28\">Ein au\u00dfergew\u00f6hnlicher Sportspielplatz<\/h2>\n<\/div>\n\n\n\n<div class=\"wp-block-group has-global-padding is-layout-constrained wp-block-group-is-layout-constrained\">\n<p class=\"has-text-align-center\"><br\/>Das Munstertal und seine Umgebung sind ein Paradies f\u00fcr Sportler:<\/p>\n\n\n\n<ul class=\"wp-block-list\">\n<li>Fischboedl\u00e9-See und GR5 in der N\u00e4he<\/li>\n\n\n\n<li>Markierte Trailstrecken<\/li>\n\n\n\n<li>Weinberg-Radweg VV21 (Metzeral-Colmar)<\/li>\n\n\n\n<li>Mountainbike- und Radwege sowie Easy Bike Park in Schnepfenried<\/li>\n\n\n\n<li>Skigebiete Schnepfenried, Tanet, Trois Fours<\/li>\n\n\n\n<li>Angelteich von Metzeral<\/li>\n\n\n\n<li>Hochseilgarten Form&#8217;Aventures<\/li>\n\n\n\n<li>Schlittenhunde YoukValley<\/li>\n\n\n\n<li>Klettergebiete: Spitzkoepfe, Petit Hohneck, Tanet, Martinswald<\/li>\n\n\n\n<li>Schwimmbad in Munster mit Fitnessbereich (240 m\u00b2)<\/li>\n<\/ul>\n\n\n\n<p class=\"has-text-align-center\">Und bei den Sportveranstaltungen :<\/p>\n\n\n\n<ul class=\"wp-block-list\">\n<li>Trail Terre de Feu in Turckheim (Februar)<\/li>\n\n\n\n<li>Trail der Unentschlossenen in Zimmerbach (M\u00e4rz)<\/li>\n\n\n\n<li>Trail du Grand Ballon au Markstein (April)<\/li>\n\n\n\n<li>La Colmarienne in Colmar (Mai)<\/li>\n\n\n\n<li>Trail des Marcaires in Muhlbach-sur-Munster (Mai)<\/li>\n\n\n\n<li>Slow Up Alsace, die Weinstra\u00dfe f\u00fcr Radfahrer und Fu\u00dfg\u00e4nger (Juni)<\/li>\n\n\n\n<li>Trail du Schnepfenried (Juni)<\/li>\n\n\n\n<li>Foul\u00e9es de la ligue in Colmar (Juni)<\/li>\n\n\n\n<li>V\u00e9loTour in Colmar (Juni)<\/li>\n\n\n\n<li>Ultra Trail du Grand Ballon au Markstein (Juli)<\/li>\n\n\n\n<li>Seenrundfahrt in Orbey (August)<\/li>\n\n\n\n<li>Colmar Marathon (September)<\/li>\n\n\n\n<li>Les Mulhousiennes in Mulhouse (September)<\/li>\n\n\n\n<li>Munster&#8217;Trail de Munster (Oktober)<\/li>\n\n\n\n<li>Marche en F\u00eate in Colmar (Oktober)<\/li>\n\n\n\n<li>Trail Blanc du Gaschney (Dezember)<\/li>\n<\/ul>\n\n\n\n<p><strong>Fahrradverleih:<\/strong> Cycle Hop Evasion (Munster) und Quad Moto Cycle (Wihr-au-Val)<\/p>\n\n\n\n<p class=\"has-text-align-center\">Sind Sie bereit f\u00fcr ein Abenteuer? Buchen Sie Ihren Sporturlaub im Herzen der Vogesen. <\/p>\n<\/div>\n<\/div>\n<\/div>\n<\/div>\n\n<div class=\"wp-block-group alignfull has-global-padding is-layout-constrained wp-container-core-group-is-layout-4383d167 wp-block-group-is-layout-constrained\">\n<div class=\"wp-block-group is-layout-flow wp-block-group-is-layout-flow\">\n<div class=\"wp-block-columns is-layout-flex wp-container-core-columns-is-layout-28f84493 wp-block-columns-is-layout-flex\">\n<div class=\"wp-block-column is-vertically-aligned-center is-layout-flow wp-block-column-is-layout-flow\" style=\"flex-basis:100%\">\n<div class=\"wp-block-group is-style-default has-tertiary-background-color has-background is-vertical is-content-justification-center is-layout-flex wp-container-core-group-is-layout-5161691f wp-block-group-is-layout-flex\" style=\"border-radius:15px;margin-top:var(--wp--preset--spacing--xl);margin-bottom:var(--wp--preset--spacing--xl);padding-top:1.5rem;padding-right:2rem;padding-bottom:1.5rem;padding-left:2rem;box-shadow:var(--wp--preset--shadow--light)\">\n<p class=\"has-text-align-left is-style-Subtitles has-primary-color has-text-color has-link-color has-secondary-font-family has-xl-font-size wp-elements-2974427e6c447cab243f81eb127488c2\" style=\"padding-top:0;padding-bottom:0\"><strong>Akzeptierte Zahlungen<\/strong><\/p>\n\n\n\n<div class=\"wp-block-group is-nowrap is-layout-flex wp-container-core-group-is-layout-2b02ea4d wp-block-group-is-layout-flex\" style=\"margin-top:0;padding-top:10px\">\n<div class=\"wp-block-group is-layout-flow wp-block-group-is-layout-flow\" style=\"margin-top:var(--wp--preset--spacing--s);margin-bottom:var(--wp--preset--spacing--s)\">\n<figure class=\"wp-block-image size-carte_paiement\"><img alt=\"\" decoding=\"async\" width=\"63\" height=\"32\" src=\"https:\/\/www.alsace-chalets.fr\/wp-content\/uploads\/2025\/10\/paiement-1-63x32.webp\" alt=\"\" class=\"wp-image-87\" style=\"object-fit:cover\"\/><\/figure>\n<\/div>\n\n\n\n<div class=\"wp-block-group has-global-padding is-layout-constrained wp-block-group-is-layout-constrained\" style=\"margin-top:var(--wp--preset--spacing--s);margin-bottom:var(--wp--preset--spacing--s)\">\n<figure class=\"wp-block-image size-carte_paiement\"><img alt=\"\" decoding=\"async\" width=\"63\" height=\"32\" src=\"https:\/\/www.alsace-chalets.fr\/wp-content\/uploads\/2025\/10\/paiement-2-63x32.webp\" alt=\"\" class=\"wp-image-88\" srcset=\"https:\/\/www.alsace-chalets.fr\/wp-content\/uploads\/2025\/10\/paiement-2-63x32.webp 63w, https:\/\/www.alsace-chalets.fr\/wp-content\/uploads\/2025\/10\/paiement-2-60x31.webp 60w, https:\/\/www.alsace-chalets.fr\/wp-content\/uploads\/2025\/10\/paiement-2.webp 250w\" sizes=\"(max-width: 63px) 100vw, 63px\" \/><\/figure>\n<\/div>\n\n\n\n<div class=\"wp-block-group has-global-padding is-layout-constrained wp-block-group-is-layout-constrained\" style=\"margin-top:var(--wp--preset--spacing--s);margin-bottom:var(--wp--preset--spacing--s)\">\n<figure class=\"wp-block-image size-carte_paiement\"><img alt=\"\" decoding=\"async\" width=\"63\" height=\"32\" src=\"https:\/\/www.alsace-chalets.fr\/wp-content\/uploads\/2025\/10\/paiement-3-63x32.webp\" alt=\"\" class=\"wp-image-89\" style=\"object-fit:cover\" srcset=\"https:\/\/www.alsace-chalets.fr\/wp-content\/uploads\/2025\/10\/paiement-3-63x32.webp 63w, https:\/\/www.alsace-chalets.fr\/wp-content\/uploads\/2025\/10\/paiement-3-60x31.webp 60w, https:\/\/www.alsace-chalets.fr\/wp-content\/uploads\/2025\/10\/paiement-3.webp 250w\" sizes=\"(max-width: 63px) 100vw, 63px\" \/><\/figure>\n<\/div>\n\n\n\n<div class=\"wp-block-group has-global-padding is-layout-constrained wp-block-group-is-layout-constrained\" style=\"margin-top:var(--wp--preset--spacing--s);margin-bottom:var(--wp--preset--spacing--s)\">\n<figure class=\"wp-block-image size-carte_paiement\"><img alt=\"\" decoding=\"async\" width=\"63\" height=\"32\" src=\"https:\/\/www.alsace-chalets.fr\/wp-content\/uploads\/2025\/10\/paiement-4-63x32.webp\" alt=\"\" class=\"wp-image-90\" style=\"object-fit:cover\"\/><\/figure>\n<\/div>\n<\/div>\n\n\n\n<div class=\"wp-block-group is-nowrap is-layout-flex wp-container-core-group-is-layout-2b02ea4d wp-block-group-is-layout-flex\" style=\"margin-top:0;padding-top:10px\">\n<div class=\"wp-block-group is-layout-flow wp-block-group-is-layout-flow\" style=\"margin-top:var(--wp--preset--spacing--s);margin-bottom:var(--wp--preset--spacing--s)\">\n<figure class=\"wp-block-image size-carte_paiement\"><img alt=\"\" decoding=\"async\" width=\"63\" height=\"32\" src=\"https:\/\/www.alsace-chalets.fr\/wp-content\/uploads\/2025\/10\/paiement-7-63x32.webp\" alt=\"\" class=\"wp-image-93\"\/><\/figure>\n<\/div>\n\n\n\n<div class=\"wp-block-group has-global-padding is-layout-constrained wp-block-group-is-layout-constrained\" style=\"margin-top:var(--wp--preset--spacing--s);margin-bottom:var(--wp--preset--spacing--s)\">\n<figure class=\"wp-block-image size-carte_paiement\"><img alt=\"\" decoding=\"async\" width=\"63\" height=\"32\" src=\"https:\/\/www.alsace-chalets.fr\/wp-content\/uploads\/2025\/10\/paiement-6-63x32.webp\" alt=\"\" class=\"wp-image-92\"\/><\/figure>\n<\/div>\n\n\n\n<div class=\"wp-block-group has-global-padding is-layout-constrained wp-block-group-is-layout-constrained\" style=\"margin-top:var(--wp--preset--spacing--s);margin-bottom:var(--wp--preset--spacing--s)\">\n<figure class=\"wp-block-image size-carte_paiement\"><img alt=\"\" decoding=\"async\" width=\"63\" height=\"32\" src=\"https:\/\/www.alsace-chalets.fr\/wp-content\/uploads\/2025\/10\/paiement-5-63x32.webp\" alt=\"\" class=\"wp-image-91\"\/><\/figure>\n<\/div>\n<\/div>\n\n\n\n<p class=\"has-real-white-color has-text-color has-link-color wp-elements-97ac6d668fdeb0d6da6501dc098fe174\">+ Schecks oder \u00dcberweisungen<\/p>\n<\/div>\n<\/div>\n\n\n\n<div class=\"wp-block-column is-vertically-aligned-center is-layout-flow wp-block-column-is-layout-flow\" style=\"flex-basis:100%\">\n<div class=\"wp-block-group is-style-tree-left-bottom has-real-white-background-color has-background is-vertical is-content-justification-center is-layout-flex wp-container-core-group-is-layout-3ebb89f2 wp-block-group-is-layout-flex\" style=\"border-radius:15px;margin-top:0;margin-bottom:0;padding-top:1.5rem;padding-right:2rem;padding-bottom:1.5rem;padding-left:2rem;box-shadow:var(--wp--preset--shadow--light)\">\n<p class=\"has-text-align-left is-style-Subtitles is-style-default has-secondary-font-family has-xl-font-size\" style=\"padding-top:0;padding-bottom:0\"><strong>Haben Sie Fragen?<\/strong><\/p>\n\n\n\n<p class=\"has-text-align-center has-dark-color has-text-color has-link-color has-s-font-size wp-elements-55136a5c09575ec8f7227851a518f218\" style=\"font-style:normal;font-weight:700\">03 68 61 25 76 oder <a href=\"https:\/\/www.alsace-chalets.fr\/de\/kontakt\/\">Kontakt<\/a> <\/p>\n<\/div>\n<\/div>\n<\/div>\n<\/div>\n<\/div>\n\n<div style=\"height:var(--wp--preset--spacing--xxl)\" aria-hidden=\"true\" class=\"wp-block-spacer\"><\/div>\n\n<div class=\"wp-block-group alignfull has-global-padding is-layout-constrained wp-block-group-is-layout-constrained\">\n<div class=\"wp-block-group alignfull is-style-tree-left-bottom has-global-padding is-layout-constrained wp-container-core-group-is-layout-e3586065 wp-block-group-is-layout-constrained\" style=\"padding-right:var(--wp--preset--spacing--xxs);padding-left:var(--wp--preset--spacing--xxs)\">\n<div class=\"wp-block-group alignfull has-global-padding is-layout-constrained wp-container-core-group-is-layout-8516d5ed wp-block-group-is-layout-constrained\" style=\"padding-right:var(--wp--preset--spacing--xxs);padding-left:var(--wp--preset--spacing--xxs)\">\n<div class=\"wp-block-columns is-layout-flex wp-container-core-columns-is-layout-28f84493 wp-block-columns-is-layout-flex\">\n<div class=\"wp-block-column has-global-padding is-content-justification-center is-layout-constrained wp-container-core-column-is-layout-30f13759 wp-block-column-is-layout-constrained\" style=\"flex-basis:50%\">\n<a href=\"http:\/\/localhost\/chalets-de-la-wormsa\/hebergements\/les-chalets\/\" target=\"_self\" data-link=\"true\"><div class=\"wp-block-group hebergement-container has-global-padding is-layout-constrained wp-container-core-group-is-layout-70f4fdbb wp-block-group-is-layout-constrained\" data-link=\"http:\/\/localhost\/chalets-de-la-wormsa\/hebergements\/les-chalets\/\" data-target=\"_self\">\n<div class=\"wp-block-cover hebergement-banner\" style=\"border-radius:16px;padding-top:0;padding-right:var(--wp--preset--spacing--s);padding-bottom:var(--wp--preset--spacing--m);padding-left:var(--wp--preset--spacing--s)\"><img decoding=\"async\" width=\"1024\" height=\"683\" class=\"wp-block-cover__image-background wp-image-1626 size-large\" alt=\"chalets grand 10p wormsa alsace 01\" src=\"https:\/\/www.alsace-chalets.fr\/wp-content\/uploads\/2025\/11\/chalets-grand-10p-wormsa-alsace_01-1024x683.webp\" style=\"object-position:61% 53%\" data-object-fit=\"cover\" data-object-position=\"61% 53%\" srcset=\"https:\/\/www.alsace-chalets.fr\/wp-content\/uploads\/2025\/11\/chalets-grand-10p-wormsa-alsace_01-1024x683.webp 1024w, https:\/\/www.alsace-chalets.fr\/wp-content\/uploads\/2025\/11\/chalets-grand-10p-wormsa-alsace_01-300x200.webp 300w, https:\/\/www.alsace-chalets.fr\/wp-content\/uploads\/2025\/11\/chalets-grand-10p-wormsa-alsace_01-768x512.webp 768w, https:\/\/www.alsace-chalets.fr\/wp-content\/uploads\/2025\/11\/chalets-grand-10p-wormsa-alsace_01-60x40.webp 60w\" sizes=\"(max-width: 1024px) 100vw, 1024px\" \/><span aria-hidden=\"true\" class=\"wp-block-cover__background has-background-dim-80 has-background-dim wp-block-cover__gradient-background has-background-gradient\" style=\"background:linear-gradient(180deg,rgba(0,0,0,0) 0%,rgb(0,0,0) 100%)\"><\/span><div class=\"wp-block-cover__inner-container is-layout-flow wp-container-core-cover-is-layout-b28dc9b0 wp-block-cover-is-layout-flow\">\n<a href=\"https:\/\/www.alsace-chalets.fr\/de\/unsere-unterkuenfte\/unsere-chalets\/\" target=\"_self\" data-link=\"true\"><div class=\"wp-block-group hebergement-content is-vertical is-content-justification-stretch is-layout-flex wp-container-core-group-is-layout-ae24f51d wp-block-group-is-layout-flex\" style=\"min-height:700px\" data-link=\"https:\/\/www.alsace-chalets.fr\/location-camping-alsace\/chalet\/\" data-target=\"_self\">\n<div class=\"wp-block-group is-nowrap is-layout-flex wp-container-core-group-is-layout-7c8fff34 wp-block-group-is-layout-flex\" style=\"padding-top:0;padding-right:var(--wp--preset--spacing--xxs);padding-bottom:0;padding-left:var(--wp--preset--spacing--xxs)\">\n<div class=\"wp-block-group has-real-white-background-color has-background has-global-padding is-layout-constrained wp-container-core-group-is-layout-dd32c223 wp-block-group-is-layout-constrained\" style=\"border-bottom-left-radius:8px;border-bottom-right-radius:8px;padding-top:5px;padding-right:5px;padding-bottom:5px;padding-left:5px\">\n<div class=\"wp-block-outermost-icon-block\"><div class=\"icon-container has-icon-color has-primary-light-color\" style=\"color:#A9C294;width:48px;transform:rotate(0deg) scaleX(1) scaleY(1)\"><svg xmlns=\"http:\/\/www.w3.org\/2000\/svg\" width=\"55\" height=\"55\" viewbox=\"0 0 55 55\"><path d=\"M55 45.375L48.125 35.75H52.25V31.625L45.375 22H49.5V17.875L35.75 5.5L26.8812 13.4836L42.625 26.2023V35.7328H39.875V49.5H55V45.375ZM35.75 31.625H38.5V28.1875L20.625 13.75L2.75 28.1875V31.625H5.5V49.5H35.75V31.625ZM24.75 28.875V37.125H16.5V28.875H24.75Z\"><\/path><\/svg><\/div><\/div>\n<\/div>\n\n\n\n<div class=\"wp-block-group has-global-padding is-layout-constrained wp-block-group-is-layout-constrained\">\n<div style=\"height:100px\" aria-hidden=\"true\" class=\"wp-block-spacer\"><\/div>\n<\/div>\n<\/div>\n\n\n\n<div class=\"wp-block-group is-layout-flow wp-block-group-is-layout-flow\">\n<div class=\"wp-block-group hebergement-titles is-layout-flow wp-container-core-group-is-layout-af46d421 wp-block-group-is-layout-flow\" style=\"margin-top:0;margin-bottom:0\">\n<h3 class=\"wp-block-heading has-real-white-color has-text-color has-link-color has-primary-font-family has-l-font-size wp-elements-7aa33056a8e66da97ce763ad234f37f9\" style=\"margin-top:0;margin-bottom:0;padding-top:0;padding-bottom:0;font-style:normal;font-weight:700;line-height:1;text-transform:uppercase\">Unsere Chalets<\/h3>\n<\/div>\n\n\n\n<div class=\"wp-block-group alignfull is-content-justification-space-between is-nowrap is-layout-flex wp-container-core-group-is-layout-cb46ffcb wp-block-group-is-layout-flex\">\n<div class=\"wp-block-group has-real-white-color has-text-color has-link-color wp-elements-8585a1fe46f357cfe7e93272716f5d77 is-layout-flow wp-container-core-group-is-layout-cc0d5a8c wp-block-group-is-layout-flow\" style=\"margin-top:0;margin-bottom:0;padding-top:0;padding-right:0;padding-bottom:0;padding-left:0\">\n<p class=\"has-text-align-right\" style=\"font-size:0.75rem\">ab<\/p>\n\n\n\n<p class=\"has-text-align-right price has-l-font-size\" style=\"margin-top:0;margin-bottom:0;padding-top:0;padding-bottom:0;font-style:normal;font-weight:700;line-height:1;text-transform:uppercase\">110\u20ac<\/p>\n\n\n\n<p class=\"has-text-align-right\" style=\"margin-top:0;margin-bottom:0;padding-top:0;padding-bottom:0;font-size:0.75rem;line-height:0.75\"><br\/>nachts, <strong>an Wochentagen*<\/strong>.<\/p>\n<\/div>\n<\/div>\n<\/div>\n<\/div><\/a>\n<\/div><\/div>\n<\/div><\/a>\n<\/div>\n\n\n\n<div class=\"wp-block-column has-global-padding is-content-justification-center is-layout-constrained wp-container-core-column-is-layout-6ade0fa3 wp-block-column-is-layout-constrained\" style=\"flex-basis:50%\">\n<a href=\"http:\/\/localhost\/chalets-de-la-wormsa\/les-gites\/\" target=\"_self\" data-link=\"true\"><div class=\"wp-block-group hebergement-container has-global-padding is-layout-constrained wp-container-core-group-is-layout-70f4fdbb wp-block-group-is-layout-constrained\" data-link=\"http:\/\/localhost\/chalets-de-la-wormsa\/les-gites\/\" data-target=\"_self\">\n<div class=\"wp-block-cover hebergement-banner\" style=\"border-radius:16px;padding-top:0;padding-right:var(--wp--preset--spacing--s);padding-bottom:var(--wp--preset--spacing--m);padding-left:var(--wp--preset--spacing--s)\"><img decoding=\"async\" width=\"1024\" height=\"683\" class=\"wp-block-cover__image-background wp-image-1671 size-large\" alt=\"gite gr5 wormsa camping alsace 10\" src=\"https:\/\/www.alsace-chalets.fr\/wp-content\/uploads\/2025\/11\/gite-gr5-wormsa-camping-alsace_10-1024x683.webp\" data-object-fit=\"cover\" srcset=\"https:\/\/www.alsace-chalets.fr\/wp-content\/uploads\/2025\/11\/gite-gr5-wormsa-camping-alsace_10-1024x683.webp 1024w, https:\/\/www.alsace-chalets.fr\/wp-content\/uploads\/2025\/11\/gite-gr5-wormsa-camping-alsace_10-300x200.webp 300w, https:\/\/www.alsace-chalets.fr\/wp-content\/uploads\/2025\/11\/gite-gr5-wormsa-camping-alsace_10-768x512.webp 768w, https:\/\/www.alsace-chalets.fr\/wp-content\/uploads\/2025\/11\/gite-gr5-wormsa-camping-alsace_10-60x40.webp 60w, https:\/\/www.alsace-chalets.fr\/wp-content\/uploads\/2025\/11\/gite-gr5-wormsa-camping-alsace_10.webp 1620w\" sizes=\"(max-width: 1024px) 100vw, 1024px\" \/><span aria-hidden=\"true\" class=\"wp-block-cover__background has-background-dim-80 has-background-dim wp-block-cover__gradient-background has-background-gradient\" style=\"background:linear-gradient(180deg,rgba(0,0,0,0) 0%,rgb(0,0,0) 100%)\"><\/span><div class=\"wp-block-cover__inner-container is-layout-flow wp-container-core-cover-is-layout-3713606d wp-block-cover-is-layout-flow\">\n<a href=\"https:\/\/www.alsace-chalets.fr\/de\/unsere-unterkuenfte\/unsere-ferienhaeuser\/\" target=\"_self\" data-link=\"true\"><div class=\"wp-block-group hebergement-content is-vertical is-content-justification-stretch is-layout-flex wp-container-core-group-is-layout-389d7702 wp-block-group-is-layout-flex\" style=\"min-height:700px\" data-link=\"https:\/\/www.alsace-chalets.fr\/location-camping-alsace\/gite\/\" data-target=\"_self\">\n<div class=\"wp-block-group is-nowrap is-layout-flex wp-container-core-group-is-layout-7c8fff34 wp-block-group-is-layout-flex\" style=\"padding-top:0;padding-right:var(--wp--preset--spacing--xxs);padding-bottom:0;padding-left:var(--wp--preset--spacing--xxs)\">\n<div class=\"wp-block-group has-real-white-background-color has-background has-global-padding is-layout-constrained wp-container-core-group-is-layout-dd32c223 wp-block-group-is-layout-constrained\" style=\"border-bottom-left-radius:8px;border-bottom-right-radius:8px;padding-top:5px;padding-right:5px;padding-bottom:5px;padding-left:5px\">\n<div class=\"wp-block-outermost-icon-block\"><div class=\"icon-container has-icon-color has-primary-light-color\" style=\"color:#A9C294;width:48px;transform:rotate(0deg) scaleX(1) scaleY(1)\"><svg xmlns=\"http:\/\/www.w3.org\/2000\/svg\" width=\"45\" height=\"46\" viewbox=\"0 0 45 46\"><path d=\"M44.5 24.875H40.375V45.5H4.625V24.875H0.5V20.75L22.5 0.125L44.5 20.75V24.875ZM28 41.375V29H17V41.375H28Z\"><\/path><\/svg><\/div><\/div>\n<\/div>\n\n\n\n<div class=\"wp-block-group has-global-padding is-layout-constrained wp-block-group-is-layout-constrained\">\n<div style=\"height:100px\" aria-hidden=\"true\" class=\"wp-block-spacer\"><\/div>\n<\/div>\n<\/div>\n\n\n\n<div class=\"wp-block-group is-layout-flow wp-block-group-is-layout-flow\">\n<div class=\"wp-block-group hebergement-titles is-layout-flow wp-container-core-group-is-layout-af46d421 wp-block-group-is-layout-flow\" style=\"margin-top:0;margin-bottom:0\">\n<h3 class=\"wp-block-heading has-real-white-color has-text-color has-link-color has-primary-font-family has-l-font-size wp-elements-3ed213954563cbd875c4c569dc4bbb35\" style=\"margin-top:0;margin-bottom:0;padding-top:0;padding-bottom:0;font-style:normal;font-weight:700;line-height:1;text-transform:uppercase\">Unsere Ferienh\u00e4user<\/h3>\n<\/div>\n\n\n\n<div class=\"wp-block-group alignfull is-content-justification-space-between is-nowrap is-layout-flex wp-container-core-group-is-layout-cb46ffcb wp-block-group-is-layout-flex\">\n<div class=\"wp-block-group has-real-white-color has-text-color has-link-color wp-elements-ce72743f7f0505aa376ea0a4025f9e76 is-layout-flow wp-container-core-group-is-layout-cc0d5a8c wp-block-group-is-layout-flow\" style=\"margin-top:0;margin-bottom:0;padding-top:0;padding-right:0;padding-bottom:0;padding-left:0\">\n<p class=\"has-text-align-right\" style=\"font-size:0.75rem\">ab<\/p>\n\n\n\n<p class=\"has-text-align-right price has-l-font-size\" style=\"margin-top:0;margin-bottom:0;padding-top:0;padding-bottom:0;font-style:normal;font-weight:700;line-height:1;text-transform:uppercase\">105\u20ac<\/p>\n\n\n\n<p class=\"has-text-align-right\" style=\"margin-top:0;margin-bottom:0;padding-top:0;padding-bottom:0;font-size:0.75rem;line-height:0.75\"><br\/>nachts, <strong>an Wochentagen*<\/strong>.<\/p>\n<\/div>\n<\/div>\n<\/div>\n<\/div><\/a>\n<\/div><\/div>\n<\/div><\/a>\n<\/div>\n<\/div>\n<\/div>\n<\/div>\n\n\n\n<div class=\"wp-block-buttons is-content-justification-center is-layout-flex wp-container-core-buttons-is-layout-8177b73c wp-block-buttons-is-layout-flex\" style=\"padding-top:var(--wp--preset--spacing--xl);padding-bottom:var(--wp--preset--spacing--xl)\">\n<div class=\"wp-block-button is-style-secondary-button-full is-style-secondary-button-full--29\"><a class=\"wp-block-button__link wp-element-button\" href=\"https:\/\/www.secure-hotel-booking.com\/Auberge-et-Chalets-de-la-Wormsa\/2ERD\/fr\/\" target=\"_blank\" rel=\"noreferrer noopener nofollow\">Buchen<\/a><\/div>\n<\/div>\n<\/div>\n","protected":false},"excerpt":{"rendered":"<p>Sporturlaub in den Vogesen Natur, Anstrengung und Entspannung in den Chalets de la Wormsa Sie suchen ein komfortables Basislager f\u00fcr Ihren Sporturlaub im Elsass? Die Chalets de la Wormsa in Metzeral, im Herzen der Vogesen, empfangen Sie das ganze Jahr \u00fcber in einer nat\u00fcrlichen Umgebung, die ideal zum Wandern, Trailrunning, Radfahren, Skifahren oder Klettern ist. [&hellip;]<\/p>\n","protected":false},"author":1,"featured_media":0,"parent":38122,"menu_order":21,"comment_status":"closed","ping_status":"closed","template":"page-full-width","meta":{"_acf_changed":false,"_seopress_robots_primary_cat":"","_seopress_titles_title":"Sporturlaub im Elsass | Wandern, Trailrunning, Radfahren und Outdoor im Elsass","_seopress_titles_desc":"Erkunden Sie das Elsass von der sportlichen Seite mit Wanderungen, Radtouren, Trailrunning und Outdoor-Aktivit\u00e4ten am Fu\u00dfe der Vogesen. Ein Spielplatz der Natur, um sich selbst zu \u00fcbertreffen und durchzuatmen. ","_seopress_robots_index":"","footnotes":""},"class_list":["post-38223","page","type-page","status-publish","hentry"],"acf":[],"_links":{"self":[{"href":"https:\/\/www.alsace-chalets.fr\/de\/wp-json\/wp\/v2\/pages\/38223","targetHints":{"allow":["GET"]}}],"collection":[{"href":"https:\/\/www.alsace-chalets.fr\/de\/wp-json\/wp\/v2\/pages"}],"about":[{"href":"https:\/\/www.alsace-chalets.fr\/de\/wp-json\/wp\/v2\/types\/page"}],"author":[{"embeddable":true,"href":"https:\/\/www.alsace-chalets.fr\/de\/wp-json\/wp\/v2\/users\/1"}],"replies":[{"embeddable":true,"href":"https:\/\/www.alsace-chalets.fr\/de\/wp-json\/wp\/v2\/comments?post=38223"}],"version-history":[{"count":6,"href":"https:\/\/www.alsace-chalets.fr\/de\/wp-json\/wp\/v2\/pages\/38223\/revisions"}],"predecessor-version":[{"id":42403,"href":"https:\/\/www.alsace-chalets.fr\/de\/wp-json\/wp\/v2\/pages\/38223\/revisions\/42403"}],"up":[{"embeddable":true,"href":"https:\/\/www.alsace-chalets.fr\/de\/wp-json\/wp\/v2\/pages\/38122"}],"wp:attachment":[{"href":"https:\/\/www.alsace-chalets.fr\/de\/wp-json\/wp\/v2\/media?parent=38223"}],"curies":[{"name":"wp","href":"https:\/\/api.w.org\/{rel}","templated":true}]}}